{"id":66,"date":"2013-08-22T19:05:09","date_gmt":"2013-08-22T19:05:09","guid":{"rendered":"http:\/\/alpentouren.net\/?page_id=66"},"modified":"2022-07-03T11:29:17","modified_gmt":"2022-07-03T11:29:17","slug":"oesterreich","status":"publish","type":"page","link":"https:\/\/alpentouren.net\/?page_id=66","title":{"rendered":"\u00d6sterreich"},"content":{"rendered":"<h1>Steiermarkngg_shortcode_0_placeholder<\/h1>\n<p>001. Pfaffen <img loading=\"lazy\" decoding=\"async\" src=\"https:\/\/alpentouren.net\/wp-content\/uploads\/2013\/08\/rot.gif\" alt=\"rot\" width=\"10\" height=\"10\"><br \/>\n001.a Stuhleck <img loading=\"lazy\" decoding=\"async\" src=\"https:\/\/alpentouren.net\/wp-content\/uploads\/2013\/08\/rot.gif\" alt=\"rot\" width=\"10\" height=\"10\"><br \/>\n001.b Roseneggerhaus <img loading=\"lazy\" decoding=\"async\" src=\"https:\/\/alpentouren.net\/wp-content\/uploads\/2013\/08\/rot.gif\" alt=\"rot\" width=\"10\" height=\"10\"><br \/>\n002. Hochwechsel <img loading=\"lazy\" decoding=\"async\" src=\"https:\/\/alpentouren.net\/wp-content\/uploads\/2013\/08\/rot.gif\" alt=\"rot\" width=\"10\" height=\"10\"><br \/>\n002. Wetterkogler Haus <img loading=\"lazy\" decoding=\"async\" src=\"https:\/\/alpentouren.net\/wp-content\/uploads\/2013\/08\/rot.gif\" alt=\"rot\" width=\"10\" height=\"10\"><br \/>\n002.a S\u00f6lker Pa\u00df <img loading=\"lazy\" decoding=\"async\" src=\"https:\/\/alpentouren.net\/wp-content\/uploads\/2013\/08\/gruen.gif\" alt=\"gruen\" width=\"10\" height=\"10\"><span style=\"color: #008000;\"> 2014<\/span><br \/>\n002.b Planneralm <img loading=\"lazy\" decoding=\"async\" src=\"https:\/\/alpentouren.net\/wp-content\/uploads\/2013\/08\/rot.gif\" alt=\"rot\" width=\"10\" height=\"10\"><br \/>\n002.c Stoderzinken <img loading=\"lazy\" decoding=\"async\" src=\"https:\/\/alpentouren.net\/wp-content\/uploads\/2013\/08\/rot.gif\" alt=\"rot\" width=\"10\" height=\"10\"><br \/>\n003.a Hollhaus <img loading=\"lazy\" decoding=\"async\" src=\"https:\/\/alpentouren.net\/wp-content\/uploads\/2013\/08\/rot.gif\" alt=\"rot\" width=\"10\" height=\"10\"><br \/>\n003.a Tauplitzalm <img loading=\"lazy\" decoding=\"async\" src=\"https:\/\/alpentouren.net\/wp-content\/uploads\/2013\/08\/rot.gif\" alt=\"rot\" width=\"10\" height=\"10\"><br \/>\n003.b Loser <img loading=\"lazy\" decoding=\"async\" src=\"https:\/\/alpentouren.net\/wp-content\/uploads\/2013\/08\/rot.gif\" alt=\"rot\" width=\"10\" height=\"10\"><br \/>\n004.a Planai <img loading=\"lazy\" decoding=\"async\" src=\"https:\/\/alpentouren.net\/wp-content\/uploads\/2013\/08\/gruen.gif\" alt=\"gruen\" width=\"10\" height=\"10\"><span style=\"color: #008000;\"> 2015<\/span><br \/>\n004.a Schladminger H\u00fctte <img loading=\"lazy\" decoding=\"async\" src=\"https:\/\/alpentouren.net\/wp-content\/uploads\/2013\/08\/gruen.gif\" alt=\"gruen\" width=\"10\" height=\"10\"><span style=\"color: #008000;\"> 2015<\/span><br \/>\n004.b Hochwurzen <img loading=\"lazy\" decoding=\"async\" src=\"https:\/\/alpentouren.net\/wp-content\/uploads\/2013\/08\/rot.gif\" alt=\"rot\" width=\"10\" height=\"10\"><br \/>\n004.c Ursprungalm <img loading=\"lazy\" decoding=\"async\" src=\"https:\/\/alpentouren.net\/wp-content\/uploads\/2013\/08\/rot.gif\" alt=\"rot\" width=\"10\" height=\"10\"><br \/>\n004.d Reiteralm <img loading=\"lazy\" decoding=\"async\" src=\"https:\/\/alpentouren.net\/wp-content\/uploads\/2013\/08\/rot.gif\" alt=\"rot\" width=\"10\" height=\"10\"><br \/>\n004.e Dachsteinstra\u00dfe <img loading=\"lazy\" decoding=\"async\" src=\"https:\/\/alpentouren.net\/wp-content\/uploads\/2013\/08\/rot.gif\" alt=\"rot\" width=\"10\" height=\"10\"><br \/>\n005. Triebener Tauern <img loading=\"lazy\" decoding=\"async\" src=\"https:\/\/alpentouren.net\/wp-content\/uploads\/2013\/08\/rot.gif\" alt=\"rot\" width=\"10\" height=\"10\"><br \/>\n005.a Scheibelseen <img loading=\"lazy\" decoding=\"async\" src=\"https:\/\/alpentouren.net\/wp-content\/uploads\/2013\/08\/rot.gif\" alt=\"rot\" width=\"10\" height=\"10\"><br \/>\n005.b Klosterneuburger <img loading=\"lazy\" decoding=\"async\" src=\"https:\/\/alpentouren.net\/wp-content\/uploads\/2013\/08\/rot.gif\" alt=\"rot\" width=\"10\" height=\"10\"><br \/>\n006.a Kalbing <img loading=\"lazy\" decoding=\"async\" src=\"https:\/\/alpentouren.net\/wp-content\/uploads\/2013\/08\/rot.gif\" alt=\"rot\" width=\"10\" height=\"10\"><br \/>\n006.a Oberst-Klinke-H\u00fctte <img loading=\"lazy\" decoding=\"async\" src=\"https:\/\/alpentouren.net\/wp-content\/uploads\/2013\/08\/rot.gif\" alt=\"rot\" width=\"10\" height=\"10\"><br \/>\n006.b Pr\u00e4bichl <img loading=\"lazy\" decoding=\"async\" src=\"https:\/\/alpentouren.net\/wp-content\/uploads\/2013\/08\/rot.gif\" alt=\"rot\" width=\"10\" height=\"10\"><br \/>\n007.a Gaberl <img loading=\"lazy\" decoding=\"async\" src=\"https:\/\/alpentouren.net\/wp-content\/uploads\/2013\/08\/rot.gif\" alt=\"rot\" width=\"10\" height=\"10\"><br \/>\n007.b Almhaus <img loading=\"lazy\" decoding=\"async\" src=\"https:\/\/alpentouren.net\/wp-content\/uploads\/2013\/08\/rot.gif\" alt=\"rot\" width=\"10\" height=\"10\"><br \/>\n008. Rothaidenh\u00fctte <img loading=\"lazy\" decoding=\"async\" src=\"https:\/\/alpentouren.net\/wp-content\/uploads\/2013\/08\/rot.gif\" alt=\"rot\" width=\"10\" height=\"10\"><br \/>\n009. Kulmer H\u00fctte <img loading=\"lazy\" decoding=\"async\" src=\"https:\/\/alpentouren.net\/wp-content\/uploads\/2013\/08\/rot.gif\" alt=\"rot\" width=\"10\" height=\"10\"><br \/>\n009.a Weinebene (Steir)&nbsp;<img loading=\"lazy\" decoding=\"async\" src=\"https:\/\/alpentouren.net\/wp-content\/uploads\/2013\/08\/gruen.gif\" alt=\"gruen\" width=\"10\" height=\"10\"><span style=\"color: #008000;\"> 2015<\/span><\/p>\n<h1>Salzburger Landngg_shortcode_1_placeholder<\/h1>\n<p>010. Ro\u00dfbrand <img loading=\"lazy\" decoding=\"async\" src=\"https:\/\/alpentouren.net\/wp-content\/uploads\/2013\/08\/gruen.gif\" alt=\"gruen\" width=\"10\" height=\"10\"><span style=\"color: #008000;\"> 2014 <img loading=\"lazy\" decoding=\"async\" src=\"https:\/\/alpentouren.net\/wp-content\/uploads\/2013\/08\/gruen.gif\" alt=\"gruen\" width=\"10\" height=\"10\"><span style=\"color: #008000;\"> 2015<\/span><\/span><br \/>\n010.a Oberhofalm <img loading=\"lazy\" decoding=\"async\" src=\"https:\/\/alpentouren.net\/wp-content\/uploads\/2013\/08\/rot.gif\" alt=\"rot\" width=\"10\" height=\"10\"><br \/>\n010.a Rettenegg <img loading=\"lazy\" decoding=\"async\" src=\"https:\/\/alpentouren.net\/wp-content\/uploads\/2013\/08\/rot.gif\" alt=\"rot\" width=\"10\" height=\"10\"><br \/>\n010.a Sulzenalm <img loading=\"lazy\" decoding=\"async\" src=\"https:\/\/alpentouren.net\/wp-content\/uploads\/2013\/08\/rot.gif\" alt=\"rot\" width=\"10\" height=\"10\"><br \/>\n010.b Bachlalm <img loading=\"lazy\" decoding=\"async\" src=\"https:\/\/alpentouren.net\/wp-content\/uploads\/2013\/08\/rot.gif\" alt=\"rot\" width=\"10\" height=\"10\"><br \/>\n011. Radst\u00e4dter Tauern <img loading=\"lazy\" decoding=\"async\" src=\"https:\/\/alpentouren.net\/wp-content\/uploads\/2013\/08\/gruen.gif\" alt=\"gruen\" width=\"10\" height=\"10\"><span style=\"color: #008000;\"> 2014<\/span><br \/>\n011.a Tauerntunnel <img loading=\"lazy\" decoding=\"async\" src=\"https:\/\/alpentouren.net\/wp-content\/uploads\/2013\/08\/gruen.gif\" alt=\"gruen\" width=\"10\" height=\"10\"><span style=\"color: #008000;\"> 2015<\/span><br \/>\n011.b K\u00f6nigalm <img loading=\"lazy\" decoding=\"async\" src=\"https:\/\/alpentouren.net\/wp-content\/uploads\/2013\/08\/rot.gif\" alt=\"rot\" width=\"10\" height=\"10\"><br \/>\n011.b Zauner <img loading=\"lazy\" decoding=\"async\" src=\"https:\/\/alpentouren.net\/wp-content\/uploads\/2013\/08\/rot.gif\" alt=\"rot\" width=\"10\" height=\"10\"><br \/>\n012.a Grazer H\u00fctte <img loading=\"lazy\" decoding=\"async\" src=\"https:\/\/alpentouren.net\/wp-content\/uploads\/2013\/08\/rot.gif\" alt=\"rot\" width=\"10\" height=\"10\"><br \/>\n012.a Prebersee <img loading=\"lazy\" decoding=\"async\" src=\"https:\/\/alpentouren.net\/wp-content\/uploads\/2013\/08\/rot.gif\" alt=\"rot\" width=\"10\" height=\"10\"><br \/>\n012.b Karneralm <img loading=\"lazy\" decoding=\"async\" src=\"https:\/\/alpentouren.net\/wp-content\/uploads\/2013\/08\/rot.gif\" alt=\"rot\" width=\"10\" height=\"10\"><br \/>\n013.a Katschberg <img loading=\"lazy\" decoding=\"async\" src=\"https:\/\/alpentouren.net\/wp-content\/uploads\/2013\/08\/gruen.gif\" alt=\"gruen\" width=\"10\" height=\"10\"><span style=\"color: #008000;\"> 2014<\/span> <img loading=\"lazy\" decoding=\"async\" src=\"https:\/\/alpentouren.net\/wp-content\/uploads\/2013\/08\/gruen.gif\" alt=\"gruen\" width=\"10\" height=\"10\"><span style=\"color: #008000;\"> 2015<\/span><br \/>\n013.b Almfried <img loading=\"lazy\" decoding=\"async\" src=\"https:\/\/alpentouren.net\/wp-content\/uploads\/2013\/08\/gruen.gif\" alt=\"gruen\" width=\"10\" height=\"10\"><span style=\"color: #008000;\"> 2014<\/span><br \/>\n014. Sch\u00f6nfeld <img loading=\"lazy\" decoding=\"async\" src=\"https:\/\/alpentouren.net\/wp-content\/uploads\/2013\/08\/gruen.gif\" alt=\"gruen\" width=\"10\" height=\"10\"><span style=\"color: #008000;\"> 2015<\/span><br \/>\n015. Kolm-Saigurn <img loading=\"lazy\" decoding=\"async\" src=\"https:\/\/alpentouren.net\/wp-content\/uploads\/2013\/08\/rot.gif\" alt=\"rot\" width=\"10\" height=\"10\"><br \/>\n<a title=\"Grossglockner\" href=\"https:\/\/alpentouren.net\/?p=231\">016. Gro\u00dfglocknerstra\u00dfe<\/a> <img loading=\"lazy\" decoding=\"async\" src=\"https:\/\/alpentouren.net\/wp-content\/uploads\/2013\/08\/gruen.gif\" alt=\"gruen\" width=\"10\" height=\"10\"><span style=\"color: #008000;\"> 2009 <\/span><img loading=\"lazy\" decoding=\"async\" src=\"https:\/\/alpentouren.net\/wp-content\/uploads\/2013\/08\/4.gif\" alt=\"4\" width=\"35\" height=\"32\"><br \/>\n016. Hochtor <img loading=\"lazy\" decoding=\"async\" src=\"https:\/\/alpentouren.net\/wp-content\/uploads\/2013\/08\/gruen.gif\" alt=\"gruen\" width=\"10\" height=\"10\"><span style=\"color: #008000;\"> 2009<\/span><br \/>\n017. Edelwei\u00dfspitze <img loading=\"lazy\" decoding=\"async\" src=\"https:\/\/alpentouren.net\/wp-content\/uploads\/2013\/08\/gruen.gif\" alt=\"gruen\" width=\"10\" height=\"10\"> <span style=\"color: #008000;\">2009<\/span><br \/>\n018. Gletscherstra\u00dfe <img loading=\"lazy\" decoding=\"async\" src=\"https:\/\/alpentouren.net\/wp-content\/uploads\/2013\/08\/rot.gif\" alt=\"rot\" width=\"10\" height=\"10\"><br \/>\n018.a Gerlosstra\u00dfe alte <img loading=\"lazy\" decoding=\"async\" src=\"https:\/\/alpentouren.net\/wp-content\/uploads\/2013\/08\/gruen.gif\" alt=\"gruen\" width=\"10\" height=\"10\"><span style=\"color: #008000;\"> 2014<\/span><br \/>\n018.a K\u00f6nigsleitenhaus <img loading=\"lazy\" decoding=\"async\" src=\"https:\/\/alpentouren.net\/wp-content\/uploads\/2013\/08\/gruen.gif\" alt=\"gruen\" width=\"10\" height=\"10\"><span style=\"color: #008000;\"> 2014<\/span><br \/>\n018.a Pinzgauer H\u00f6he <img loading=\"lazy\" decoding=\"async\" src=\"https:\/\/alpentouren.net\/wp-content\/uploads\/2013\/08\/gruen.gif\" alt=\"gruen\" width=\"10\" height=\"10\"><span style=\"color: #008000;\"> 2014<\/span><br \/>\n018.b Filzsteinalpe <img loading=\"lazy\" decoding=\"async\" src=\"https:\/\/alpentouren.net\/wp-content\/uploads\/2013\/08\/rot.gif\" alt=\"rot\" width=\"10\" height=\"10\"><br \/>\n018.b Gerlosstra\u00dfe neue <img loading=\"lazy\" decoding=\"async\" src=\"https:\/\/alpentouren.net\/wp-content\/uploads\/2013\/08\/rot.gif\" alt=\"rot\" width=\"10\" height=\"10\"><\/p>\n<h1>K\u00e4rntenngg_shortcode_2_placeholder<\/h1>\n<p>020. Glocknerblick <img loading=\"lazy\" decoding=\"async\" src=\"https:\/\/alpentouren.net\/wp-content\/uploads\/2013\/08\/rot.gif\" alt=\"rot\" width=\"10\" height=\"10\"><br \/>\n021. Sadnighaus <img loading=\"lazy\" decoding=\"async\" src=\"https:\/\/alpentouren.net\/wp-content\/uploads\/2013\/08\/rot.gif\" alt=\"rot\" width=\"10\" height=\"10\"><br \/>\n022. Oscheniksee gro\u00dfer <img loading=\"lazy\" decoding=\"async\" src=\"https:\/\/alpentouren.net\/wp-content\/uploads\/2013\/08\/rot.gif\" alt=\"rot\" width=\"10\" height=\"10\"><br \/>\n023. M\u00f6lltaler Stra\u00dfe <img loading=\"lazy\" decoding=\"async\" src=\"https:\/\/alpentouren.net\/wp-content\/uploads\/2013\/08\/rot.gif\" alt=\"rot\" width=\"10\" height=\"10\"><br \/>\n023. Wei\u00dfseehaus <img loading=\"lazy\" decoding=\"async\" src=\"https:\/\/alpentouren.net\/wp-content\/uploads\/2013\/08\/rot.gif\" alt=\"rot\" width=\"10\" height=\"10\"><br \/>\n024. K\u00f6lnbreinsperre <img loading=\"lazy\" decoding=\"async\" src=\"https:\/\/alpentouren.net\/wp-content\/uploads\/2013\/08\/gruen.gif\" alt=\"gruen\" width=\"10\" height=\"10\"><span style=\"color: #008000;\"> 2014<\/span><br \/>\n024. Malta-Stra\u00dfe <img loading=\"lazy\" decoding=\"async\" src=\"https:\/\/alpentouren.net\/wp-content\/uploads\/2013\/08\/gruen.gif\" alt=\"gruen\" width=\"10\" height=\"10\"><span style=\"color: #008000;\"> 2014<\/span><br \/>\n024.a Wolliger H\u00fctte <img loading=\"lazy\" decoding=\"async\" src=\"https:\/\/alpentouren.net\/wp-content\/uploads\/2013\/08\/rot.gif\" alt=\"rot\" width=\"10\" height=\"10\"><br \/>\n025. Emberger Alm <img loading=\"lazy\" decoding=\"async\" src=\"https:\/\/alpentouren.net\/wp-content\/uploads\/2013\/08\/rot.gif\" alt=\"rot\" width=\"10\" height=\"10\"><br \/>\n026. Eisentalalm <img loading=\"lazy\" decoding=\"async\" src=\"https:\/\/alpentouren.net\/wp-content\/uploads\/2013\/08\/rot.gif\" alt=\"rot\" width=\"10\" height=\"10\"><br \/>\n026. Nockalm-Stra\u00dfe <img loading=\"lazy\" decoding=\"async\" src=\"https:\/\/alpentouren.net\/wp-content\/uploads\/2013\/08\/rot.gif\" alt=\"rot\" width=\"10\" height=\"10\"><br \/>\n026. Schiestelscharte <img loading=\"lazy\" decoding=\"async\" src=\"https:\/\/alpentouren.net\/wp-content\/uploads\/2013\/08\/rot.gif\" alt=\"rot\" width=\"10\" height=\"10\"><br \/>\n027. Turracher H\u00f6he <img loading=\"lazy\" decoding=\"async\" src=\"https:\/\/alpentouren.net\/wp-content\/uploads\/2013\/08\/gruen.gif\" alt=\"gruen\" width=\"10\" height=\"10\"><span style=\"color: #008000;\"> 2014<\/span><br \/>\n027.a Falkertsee <img loading=\"lazy\" decoding=\"async\" src=\"https:\/\/alpentouren.net\/wp-content\/uploads\/2013\/08\/gruen.gif\" alt=\"gruen\" width=\"10\" height=\"10\"><span style=\"color: #008000;\"> 2014<\/span><br \/>\n027.b Lammersdorfer H\u00fctte <img loading=\"lazy\" decoding=\"async\" src=\"https:\/\/alpentouren.net\/wp-content\/uploads\/2013\/08\/rot.gif\" alt=\"rot\" width=\"10\" height=\"10\"><br \/>\n027.c Tschiernockstra\u00dfe <img loading=\"lazy\" decoding=\"async\" src=\"https:\/\/alpentouren.net\/wp-content\/uploads\/2013\/08\/rot.gif\" alt=\"rot\" width=\"10\" height=\"10\"><br \/>\n028. Goldeck <img loading=\"lazy\" decoding=\"async\" src=\"https:\/\/alpentouren.net\/wp-content\/uploads\/2013\/08\/rot.gif\" alt=\"rot\" width=\"10\" height=\"10\"><br \/>\n029. Gerlitzen-Alpenstra\u00dfe <img loading=\"lazy\" decoding=\"async\" src=\"https:\/\/alpentouren.net\/wp-content\/uploads\/2013\/08\/rot.gif\" alt=\"rot\" width=\"10\" height=\"10\"><br \/>\n030. Gerlitzen-Gipfelstra\u00dfe <img loading=\"lazy\" decoding=\"async\" src=\"https:\/\/alpentouren.net\/wp-content\/uploads\/2013\/08\/gruen.gif\" alt=\"gruen\" width=\"10\" height=\"10\"><span style=\"color: #008000;\"> 2015<\/span><br \/>\n031. W\u00f6llaner Nock <img loading=\"lazy\" decoding=\"async\" src=\"https:\/\/alpentouren.net\/wp-content\/uploads\/2013\/08\/rot.gif\" alt=\"rot\" width=\"10\" height=\"10\"><br \/>\n031.a Pl\u00f6cken <img loading=\"lazy\" decoding=\"async\" src=\"https:\/\/alpentouren.net\/wp-content\/uploads\/2013\/08\/gruen.gif\" alt=\"gruen\" width=\"10\" height=\"10\"> <span style=\"color: #008000;\">1998<\/span> <img loading=\"lazy\" decoding=\"async\" src=\"https:\/\/alpentouren.net\/wp-content\/uploads\/2013\/08\/gruen.gif\" alt=\"gruen\" width=\"10\" height=\"10\"> <span style=\"color: #008000;\">2015<\/span><br \/>\n031.b Na\u00dffeld <img loading=\"lazy\" decoding=\"async\" src=\"https:\/\/alpentouren.net\/wp-content\/uploads\/2013\/08\/gruen.gif\" alt=\"gruen\" width=\"10\" height=\"10\"> <span style=\"color: #008000;\">1998<\/span><br \/>\n032. Dellacher Alm <img loading=\"lazy\" decoding=\"async\" src=\"https:\/\/alpentouren.net\/wp-content\/uploads\/2013\/08\/rot.gif\" alt=\"rot\" width=\"10\" height=\"10\"><br \/>\n032. Egger Alm <img loading=\"lazy\" decoding=\"async\" src=\"https:\/\/alpentouren.net\/wp-content\/uploads\/2013\/08\/rot.gif\" alt=\"rot\" width=\"10\" height=\"10\"><br \/>\n032. Poludniger <img loading=\"lazy\" decoding=\"async\" src=\"https:\/\/alpentouren.net\/wp-content\/uploads\/2013\/08\/rot.gif\" alt=\"rot\" width=\"10\" height=\"10\"><br \/>\n033. Freistritzer Alm <img loading=\"lazy\" decoding=\"async\" src=\"https:\/\/alpentouren.net\/wp-content\/uploads\/2013\/08\/rot.gif\" alt=\"rot\" width=\"10\" height=\"10\"><br \/>\n034. Dobratsch <img loading=\"lazy\" decoding=\"async\" src=\"https:\/\/alpentouren.net\/wp-content\/uploads\/2013\/08\/rot.gif\" alt=\"rot\" width=\"10\" height=\"10\"><br \/>\n034. Villacher Alpenstra\u00dfe <img loading=\"lazy\" decoding=\"async\" src=\"https:\/\/alpentouren.net\/wp-content\/uploads\/2013\/08\/rot.gif\" alt=\"rot\" width=\"10\" height=\"10\"><br \/>\n034.a Seeberg <img loading=\"lazy\" decoding=\"async\" src=\"https:\/\/alpentouren.net\/wp-content\/uploads\/2013\/08\/rot.gif\" alt=\"rot\" width=\"10\" height=\"10\"><br \/>\n034.b Eisenkappler <img loading=\"lazy\" decoding=\"async\" src=\"https:\/\/alpentouren.net\/wp-content\/uploads\/2013\/08\/rot.gif\" alt=\"rot\" width=\"10\" height=\"10\"><br \/>\n034.c Koschutahaus <img loading=\"lazy\" decoding=\"async\" src=\"https:\/\/alpentouren.net\/wp-content\/uploads\/2013\/08\/rot.gif\" alt=\"rot\" width=\"10\" height=\"10\"><br \/>\n034.c Schaida <img loading=\"lazy\" decoding=\"async\" src=\"https:\/\/alpentouren.net\/wp-content\/uploads\/2013\/08\/rot.gif\" alt=\"rot\" width=\"10\" height=\"10\"><br \/>\n034.d Petzen <img loading=\"lazy\" decoding=\"async\" src=\"https:\/\/alpentouren.net\/wp-content\/uploads\/2013\/08\/rot.gif\" alt=\"rot\" width=\"10\" height=\"10\"><br \/>\n035. Hochwart <img loading=\"lazy\" decoding=\"async\" src=\"https:\/\/alpentouren.net\/wp-content\/uploads\/2013\/08\/rot.gif\" alt=\"rot\" width=\"10\" height=\"10\"><br \/>\n035. Hohenwart <img loading=\"lazy\" decoding=\"async\" src=\"https:\/\/alpentouren.net\/wp-content\/uploads\/2013\/08\/rot.gif\" alt=\"rot\" width=\"10\" height=\"10\"><br \/>\n035. Klippitz\u00f6rl <img loading=\"lazy\" decoding=\"async\" src=\"https:\/\/alpentouren.net\/wp-content\/uploads\/2013\/08\/rot.gif\" alt=\"rot\" width=\"10\" height=\"10\"><br \/>\n035.a Wolfsberger H\u00fctte <img loading=\"lazy\" decoding=\"async\" src=\"https:\/\/alpentouren.net\/wp-content\/uploads\/2013\/08\/rot.gif\" alt=\"rot\" width=\"10\" height=\"10\"><br \/>\n035.b Hipflh\u00fctte <img loading=\"lazy\" decoding=\"async\" src=\"https:\/\/alpentouren.net\/wp-content\/uploads\/2013\/08\/rot.gif\" alt=\"rot\" width=\"10\" height=\"10\"><br \/>\n035.c Peterer H\u00fctte <img loading=\"lazy\" decoding=\"async\" src=\"https:\/\/alpentouren.net\/wp-content\/uploads\/2013\/08\/rot.gif\" alt=\"rot\" width=\"10\" height=\"10\"><br \/>\n035.d Weinebene (K\u00e4rntner)&nbsp;<img loading=\"lazy\" decoding=\"async\" src=\"https:\/\/alpentouren.net\/wp-content\/uploads\/2013\/08\/gruen.gif\" alt=\"gruen\" width=\"10\" height=\"10\"><span style=\"color: #008000;\"> 2015<\/span><\/p>\n<h1>Osttirolngg_shortcode_3_placeholder<\/h1>\n<p>036.a Felbertauern <span style=\"color: #008000;\"><img loading=\"lazy\" decoding=\"async\" src=\"https:\/\/alpentouren.net\/wp-content\/uploads\/2013\/08\/gruen.gif\" alt=\"gruen\" width=\"10\" height=\"10\"> 1998<\/span><br \/>\n036.b Innergschl\u00f6\u00df <img loading=\"lazy\" decoding=\"async\" src=\"https:\/\/alpentouren.net\/wp-content\/uploads\/2013\/08\/rot.gif\" alt=\"rot\" width=\"10\" height=\"10\"><br \/>\n036.b Tauerntalfahrweg <img loading=\"lazy\" decoding=\"async\" src=\"https:\/\/alpentouren.net\/wp-content\/uploads\/2013\/08\/rot.gif\" alt=\"rot\" width=\"10\" height=\"10\"><br \/>\n037. Dorfertal <img loading=\"lazy\" decoding=\"async\" src=\"https:\/\/alpentouren.net\/wp-content\/uploads\/2013\/08\/rot.gif\" alt=\"rot\" width=\"10\" height=\"10\"><br \/>\n037. Mairalm <img loading=\"lazy\" decoding=\"async\" src=\"https:\/\/alpentouren.net\/wp-content\/uploads\/2013\/08\/rot.gif\" alt=\"rot\" width=\"10\" height=\"10\"><br \/>\n038. Kalser Glocknerstra\u00dfe <img loading=\"lazy\" decoding=\"async\" src=\"https:\/\/alpentouren.net\/wp-content\/uploads\/2013\/08\/rot.gif\" alt=\"rot\" width=\"10\" height=\"10\"><br \/>\n038. Lucknerhaus <img loading=\"lazy\" decoding=\"async\" src=\"https:\/\/alpentouren.net\/wp-content\/uploads\/2013\/08\/rot.gif\" alt=\"rot\" width=\"10\" height=\"10\"><br \/>\n039. Stiegler Haus <img loading=\"lazy\" decoding=\"async\" src=\"https:\/\/alpentouren.net\/wp-content\/uploads\/2013\/08\/rot.gif\" alt=\"rot\" width=\"10\" height=\"10\"><br \/>\n039. Zettersfeldstra\u00dfe <img loading=\"lazy\" decoding=\"async\" src=\"https:\/\/alpentouren.net\/wp-content\/uploads\/2013\/08\/rot.gif\" alt=\"rot\" width=\"10\" height=\"10\"><br \/>\n040. Zettersfeld <img loading=\"lazy\" decoding=\"async\" src=\"https:\/\/alpentouren.net\/wp-content\/uploads\/2013\/08\/rot.gif\" alt=\"rot\" width=\"10\" height=\"10\"><br \/>\n041.a Raneralm <img loading=\"lazy\" decoding=\"async\" src=\"https:\/\/alpentouren.net\/wp-content\/uploads\/2013\/08\/rot.gif\" alt=\"rot\" width=\"10\" height=\"10\"><br \/>\n041.b Lienzer Dolomitenh\u00fctte <span style=\"color: #008000;\"><img loading=\"lazy\" decoding=\"async\" src=\"https:\/\/alpentouren.net\/wp-content\/uploads\/2013\/08\/gruen.gif\" alt=\"gruen\" width=\"10\" height=\"10\"> 2015<\/span><br \/>\n042. Bannberger <img loading=\"lazy\" decoding=\"async\" src=\"https:\/\/alpentouren.net\/wp-content\/uploads\/2013\/08\/rot.gif\" alt=\"rot\" width=\"10\" height=\"10\"><br \/>\n042. Hochsteinstra\u00dfe <img loading=\"lazy\" decoding=\"async\" src=\"https:\/\/alpentouren.net\/wp-content\/uploads\/2013\/08\/rot.gif\" alt=\"rot\" width=\"10\" height=\"10\"><br \/>\n043. Thurntaler Rast <img loading=\"lazy\" decoding=\"async\" src=\"https:\/\/alpentouren.net\/wp-content\/uploads\/2013\/08\/rot.gif\" alt=\"rot\" width=\"10\" height=\"10\"><br \/>\n043.a Volkszeiner H\u00fctte <img loading=\"lazy\" decoding=\"async\" src=\"https:\/\/alpentouren.net\/wp-content\/uploads\/2013\/08\/rot.gif\" alt=\"rot\" width=\"10\" height=\"10\"><br \/>\n044. Oberhaus Alm <img loading=\"lazy\" decoding=\"async\" src=\"https:\/\/alpentouren.net\/wp-content\/uploads\/2013\/08\/rot.gif\" alt=\"rot\" width=\"10\" height=\"10\"><br \/>\n045. Leckfeldh\u00fctte <img loading=\"lazy\" decoding=\"async\" src=\"https:\/\/alpentouren.net\/wp-content\/uploads\/2013\/08\/rot.gif\" alt=\"rot\" width=\"10\" height=\"10\"><br \/>\n045. Sattel <img loading=\"lazy\" decoding=\"async\" src=\"https:\/\/alpentouren.net\/wp-content\/uploads\/2013\/08\/rot.gif\" alt=\"rot\" width=\"10\" height=\"10\"><\/p>\n<h1>Nordtirolngg_shortcode_4_placeholder<\/h1>\n<p>046. Gartalpe <img loading=\"lazy\" decoding=\"async\" src=\"https:\/\/alpentouren.net\/wp-content\/uploads\/2013\/08\/gruen.gif\" alt=\"gruen\" width=\"10\" height=\"10\"> <span style=\"color: #008000;\">1996<\/span><br \/>\n046. Geolsalpe <span style=\"color: #008000;\"><img loading=\"lazy\" decoding=\"async\" src=\"https:\/\/alpentouren.net\/wp-content\/uploads\/2013\/08\/gruen.gif\" alt=\"gruen\" width=\"10\" height=\"10\"> 1996<\/span><br \/>\n046.a Kitzb\u00fcheler Horn <img loading=\"lazy\" decoding=\"async\" src=\"https:\/\/alpentouren.net\/wp-content\/uploads\/2013\/08\/rot.gif\" alt=\"rot\" width=\"10\" height=\"10\"><br \/>\n046.b Loas <img loading=\"lazy\" decoding=\"async\" src=\"https:\/\/alpentouren.net\/wp-content\/uploads\/2013\/08\/gruen.gif\" alt=\"gruen\" width=\"10\" height=\"10\"> <span style=\"color: #008000;\">1996<\/span><br \/>\n047. Zillertaler H\u00f6henstra\u00dfe <img loading=\"lazy\" decoding=\"async\" src=\"https:\/\/alpentouren.net\/wp-content\/uploads\/2013\/08\/gruen.gif\" alt=\"gruen\" width=\"10\" height=\"10\"><span style=\"color: #008000;\"> 2014<\/span><br \/>\n047.a Gerlosberg <img loading=\"lazy\" decoding=\"async\" src=\"https:\/\/alpentouren.net\/wp-content\/uploads\/2013\/08\/gruen.gif\" alt=\"gruen\" width=\"10\" height=\"10\"><span style=\"color: #008000;\"> 2014<\/span><br \/>\n047.a Kapaunsalm <img loading=\"lazy\" decoding=\"async\" src=\"https:\/\/alpentouren.net\/wp-content\/uploads\/2013\/08\/gruen.gif\" alt=\"gruen\" width=\"10\" height=\"10\"><span style=\"color: #008000;\"> 2014<\/span><br \/>\n047.a Rohrberg <img loading=\"lazy\" decoding=\"async\" src=\"https:\/\/alpentouren.net\/wp-content\/uploads\/2013\/08\/gruen.gif\" alt=\"gruen\" width=\"10\" height=\"10\"><span style=\"color: #008000;\"> 2014<\/span><br \/>\n047.a Rosenalm <img loading=\"lazy\" decoding=\"async\" src=\"https:\/\/alpentouren.net\/wp-content\/uploads\/2013\/08\/gruen.gif\" alt=\"gruen\" width=\"10\" height=\"10\"><span style=\"color: #008000;\"> 2014<\/span><br \/>\n048. Dominikush\u00fctte <img loading=\"lazy\" decoding=\"async\" src=\"https:\/\/alpentouren.net\/wp-content\/uploads\/2013\/08\/gruen.gif\" alt=\"gruen\" width=\"10\" height=\"10\"><span style=\"color: #008000;\"> 2014<\/span><br \/>\n048. Schlegeis Speicher <img loading=\"lazy\" decoding=\"async\" src=\"https:\/\/alpentouren.net\/wp-content\/uploads\/2013\/08\/gruen.gif\" alt=\"gruen\" width=\"10\" height=\"10\"><span style=\"color: #008000;\"> 2014<\/span><br \/>\n048. Zamser Gatterl <img loading=\"lazy\" decoding=\"async\" src=\"https:\/\/alpentouren.net\/wp-content\/uploads\/2013\/08\/gruen.gif\" alt=\"gruen\" width=\"10\" height=\"10\"><span style=\"color: #008000;\"> 2014<\/span><br \/>\n049. Ochsenalm <img loading=\"lazy\" decoding=\"async\" src=\"https:\/\/alpentouren.net\/wp-content\/uploads\/2013\/08\/gruen.gif\" alt=\"gruen\" width=\"10\" height=\"10\"> <span style=\"color: #008000;\">1996<\/span><br \/>\n049.a Maria Waldrast <img loading=\"lazy\" decoding=\"async\" src=\"https:\/\/alpentouren.net\/wp-content\/uploads\/2013\/08\/gruen.gif\" alt=\"gruen\" width=\"10\" height=\"10\"> <span style=\"color: #008000;\">1996<\/span><br \/>\n050. Oberissh\u00fctte <img loading=\"lazy\" decoding=\"async\" src=\"https:\/\/alpentouren.net\/wp-content\/uploads\/2013\/08\/gruen.gif\" alt=\"gruen\" width=\"10\" height=\"10\"> <span style=\"color: #008000;\">1996<\/span> <img loading=\"lazy\" decoding=\"async\" src=\"https:\/\/alpentouren.net\/wp-content\/uploads\/2013\/08\/gruen.gif\" alt=\"gruen\" width=\"10\" height=\"10\"> <span style=\"color: #008000;\">2015<\/span><br \/>\n051. Stubaier Stra\u00dfe <img loading=\"lazy\" decoding=\"async\" src=\"https:\/\/alpentouren.net\/wp-content\/uploads\/2013\/08\/gruen.gif\" alt=\"gruen\" width=\"10\" height=\"10\"> <span style=\"color: #008000;\">1996<\/span><br \/>\n051.a Axamer Lizum <img loading=\"lazy\" decoding=\"async\" src=\"https:\/\/alpentouren.net\/wp-content\/uploads\/2013\/08\/gruen.gif\" alt=\"gruen\" width=\"10\" height=\"10\"> <span style=\"color: #008000;\">1996<\/span><br \/>\n051.b Kemater Alm <img loading=\"lazy\" decoding=\"async\" src=\"https:\/\/alpentouren.net\/wp-content\/uploads\/2013\/08\/gruen.gif\" alt=\"gruen\" width=\"10\" height=\"10\"> <span style=\"color: #008000;\">1996<\/span><br \/>\n051.c Lisens <img loading=\"lazy\" decoding=\"async\" src=\"https:\/\/alpentouren.net\/wp-content\/uploads\/2013\/08\/gruen.gif\" alt=\"gruen\" width=\"10\" height=\"10\"> <span style=\"color: #008000;\">1996<\/span><br \/>\n<a title=\"K\u00fchtaisattel\" href=\"https:\/\/alpentouren.net\/?p=307\">052. K\u00fchtai<\/a> <img loading=\"lazy\" decoding=\"async\" src=\"https:\/\/alpentouren.net\/wp-content\/uploads\/2013\/08\/gruen.gif\" alt=\"gruen\" width=\"10\" height=\"10\"> <span style=\"color: #008000;\">1996 <img loading=\"lazy\" decoding=\"async\" src=\"https:\/\/alpentouren.net\/wp-content\/uploads\/2013\/08\/gruen.gif\" alt=\"gruen\" width=\"10\" height=\"10\"> 2009<\/span> <img loading=\"lazy\" decoding=\"async\" class=\"alignnone size-full wp-image-89\" src=\"https:\/\/alpentouren.net\/wp-content\/uploads\/2013\/08\/42.gif\" alt=\"42\" width=\"35\" height=\"32\"><br \/>\n053. Marlstein <img loading=\"lazy\" decoding=\"async\" src=\"https:\/\/alpentouren.net\/wp-content\/uploads\/2013\/08\/gruen.gif\" alt=\"gruen\" width=\"10\" height=\"10\"> <span style=\"color: #008000;\">1996<\/span><br \/>\n053. Silzer <img loading=\"lazy\" decoding=\"async\" src=\"https:\/\/alpentouren.net\/wp-content\/uploads\/2013\/08\/gruen.gif\" alt=\"gruen\" width=\"10\" height=\"10\"> <span style=\"color: #008000;\">1996<\/span><br \/>\n054. Gletscherstr. Tiefenbach <img loading=\"lazy\" decoding=\"async\" src=\"https:\/\/alpentouren.net\/wp-content\/uploads\/2013\/08\/gruen.gif\" alt=\"gruen\" width=\"10\" height=\"10\"> <span style=\"color: #008000;\">1996<\/span> <img loading=\"lazy\" decoding=\"async\" src=\"https:\/\/alpentouren.net\/wp-content\/uploads\/2013\/08\/gruen.gif\" alt=\"gruen\" width=\"10\" height=\"10\"> <span style=\"color: #008000;\">2015<\/span><br \/>\n055. Gletscherstr. Piltztaler <img loading=\"lazy\" decoding=\"async\" src=\"https:\/\/alpentouren.net\/wp-content\/uploads\/2013\/08\/gruen.gif\" alt=\"gruen\" width=\"10\" height=\"10\"> <span style=\"color: #008000;\">1996<\/span><br \/>\n056. Hochs\u00f6lden <img loading=\"lazy\" decoding=\"async\" src=\"https:\/\/alpentouren.net\/wp-content\/uploads\/2013\/08\/gruen.gif\" alt=\"gruen\" width=\"10\" height=\"10\"> <span style=\"color: #008000;\">1996<\/span><br \/>\n057. Rofenh\u00f6fe <img loading=\"lazy\" decoding=\"async\" src=\"https:\/\/alpentouren.net\/wp-content\/uploads\/2013\/08\/gruen.gif\" alt=\"gruen\" width=\"10\" height=\"10\"> <span style=\"color: #008000;\">1996<\/span><br \/>\n<a title=\"Timmelsjoch\" href=\"https:\/\/alpentouren.net\/?p=229\">058. Timmelsjoch<\/a> <span style=\"color: #008000;\"><img loading=\"lazy\" decoding=\"async\" src=\"https:\/\/alpentouren.net\/wp-content\/uploads\/2013\/08\/gruen.gif\" alt=\"gruen\" width=\"10\" height=\"10\"> 1996 <img loading=\"lazy\" decoding=\"async\" src=\"https:\/\/alpentouren.net\/wp-content\/uploads\/2013\/08\/gruen.gif\" alt=\"gruen\" width=\"10\" height=\"10\"> 2009 <img loading=\"lazy\" decoding=\"async\" src=\"https:\/\/alpentouren.net\/wp-content\/uploads\/2013\/08\/gruen.gif\" alt=\"gruen\" width=\"10\" height=\"10\"> 2022<\/span> <img loading=\"lazy\" decoding=\"async\" class=\"alignnone size-full wp-image-128\" src=\"https:\/\/alpentouren.net\/wp-content\/uploads\/2013\/08\/3.gif\" alt=\"3\" width=\"35\" height=\"32\"><br \/>\n059. Obergurgl <img loading=\"lazy\" decoding=\"async\" src=\"https:\/\/alpentouren.net\/wp-content\/uploads\/2013\/08\/gruen.gif\" alt=\"gruen\" width=\"10\" height=\"10\"> <span style=\"color: #008000;\">1996<\/span><br \/>\n<a title=\"Piller H\u00f6he\" href=\"https:\/\/alpentouren.net\/?p=301\">059.a Piller H\u00f6he<\/a> <img loading=\"lazy\" decoding=\"async\" src=\"https:\/\/alpentouren.net\/wp-content\/uploads\/2013\/08\/gruen.gif\" alt=\"gruen\" width=\"10\" height=\"10\"><span style=\"color: #008000;\"> 1996 <img loading=\"lazy\" decoding=\"async\" src=\"https:\/\/alpentouren.net\/wp-content\/uploads\/2013\/08\/gruen.gif\" alt=\"gruen\" width=\"10\" height=\"10\"> 2009 <img loading=\"lazy\" decoding=\"async\" src=\"https:\/\/alpentouren.net\/wp-content\/uploads\/2013\/08\/gruen.gif\" alt=\"gruen\" width=\"10\" height=\"10\"> 2022<\/span> <img loading=\"lazy\" decoding=\"async\" class=\"alignnone size-full wp-image-92\" src=\"https:\/\/alpentouren.net\/wp-content\/uploads\/2013\/08\/39.gif\" alt=\"39\" width=\"35\" height=\"32\"><br \/>\n059.b Innerpitztal Stollenbahn <img loading=\"lazy\" decoding=\"async\" src=\"https:\/\/alpentouren.net\/wp-content\/uploads\/2013\/08\/gruen.gif\" alt=\"gruen\" width=\"10\" height=\"10\"> <span style=\"color: #008000;\">1996<\/span><br \/>\n059.b Innerpitztal Taschachalm <img loading=\"lazy\" decoding=\"async\" src=\"https:\/\/alpentouren.net\/wp-content\/uploads\/2013\/08\/gruen.gif\" alt=\"gruen\" width=\"10\" height=\"10\"> <span style=\"color: #008000;\">1996<\/span><br \/>\n<a title=\"Hahntennjoch\" href=\"https:\/\/alpentouren.net\/?p=315\">060. Hahntennjoch<\/a> <img loading=\"lazy\" decoding=\"async\" src=\"https:\/\/alpentouren.net\/wp-content\/uploads\/2013\/08\/gruen.gif\" alt=\"gruen\" width=\"10\" height=\"10\"> <span style=\"color: #008000;\">1996 <img loading=\"lazy\" decoding=\"async\" src=\"https:\/\/alpentouren.net\/wp-content\/uploads\/2013\/08\/gruen.gif\" alt=\"gruen\" width=\"10\" height=\"10\"> 1998 <img loading=\"lazy\" decoding=\"async\" src=\"https:\/\/alpentouren.net\/wp-content\/uploads\/2013\/08\/gruen.gif\" alt=\"gruen\" width=\"10\" height=\"10\"> 2009 <img loading=\"lazy\" decoding=\"async\" src=\"https:\/\/alpentouren.net\/wp-content\/uploads\/2013\/08\/gruen.gif\" alt=\"gruen\" width=\"10\" height=\"10\"> 2022<\/span> <img loading=\"lazy\" decoding=\"async\" class=\"alignnone size-full wp-image-85\" src=\"https:\/\/alpentouren.net\/wp-content\/uploads\/2013\/08\/46.gif\" alt=\"46\" width=\"35\" height=\"32\"><br \/>\n061. Kaisers <img loading=\"lazy\" decoding=\"async\" src=\"https:\/\/alpentouren.net\/wp-content\/uploads\/2013\/08\/gruen.gif\" alt=\"gruen\" width=\"10\" height=\"10\"> <span style=\"color: #008000;\">1996<\/span> <img loading=\"lazy\" decoding=\"async\" src=\"https:\/\/alpentouren.net\/wp-content\/uploads\/2013\/08\/gruen.gif\" alt=\"gruen\" width=\"10\" height=\"10\"> <span style=\"color: #008000;\">2015<\/span><br \/>\n062. Venetalm <img loading=\"lazy\" decoding=\"async\" src=\"https:\/\/alpentouren.net\/wp-content\/uploads\/2013\/08\/gruen.gif\" alt=\"gruen\" width=\"10\" height=\"10\"> <span style=\"color: #008000;\">1996<\/span><br \/>\n063. Kauner Gletscherstra\u00dfe <img loading=\"lazy\" decoding=\"async\" src=\"https:\/\/alpentouren.net\/wp-content\/uploads\/2013\/08\/gruen.gif\" alt=\"gruen\" width=\"10\" height=\"10\"> <span style=\"color: #008000;\">1996<\/span><br \/>\n063. Wei\u00dfseeferner <img loading=\"lazy\" decoding=\"async\" src=\"https:\/\/alpentouren.net\/wp-content\/uploads\/2013\/08\/gruen.gif\" alt=\"gruen\" width=\"10\" height=\"10\"> <span style=\"color: #008000;\">1996<\/span><br \/>\n063.a Samnaun \u00fcber Spiss <img loading=\"lazy\" decoding=\"async\" src=\"https:\/\/alpentouren.net\/wp-content\/uploads\/2013\/08\/gruen.gif\" alt=\"gruen\" width=\"10\" height=\"10\"> <span style=\"color: #008000;\">1996<\/span><br \/>\n063.a Spiss <img loading=\"lazy\" decoding=\"async\" src=\"https:\/\/alpentouren.net\/wp-content\/uploads\/2013\/08\/gruen.gif\" alt=\"gruen\" width=\"10\" height=\"10\"> <span style=\"color: #008000;\">1996<\/span><br \/>\n064. Fimba-Alm <img loading=\"lazy\" decoding=\"async\" src=\"https:\/\/alpentouren.net\/wp-content\/uploads\/2013\/08\/gruen.gif\" alt=\"gruen\" width=\"10\" height=\"10\"> <span style=\"color: #008000;\">1996<\/span><br \/>\n065. Vergiel <img loading=\"lazy\" decoding=\"async\" src=\"https:\/\/alpentouren.net\/wp-content\/uploads\/2013\/08\/gruen.gif\" alt=\"gruen\" width=\"10\" height=\"10\"> <span style=\"color: #008000;\">1996<\/span><br \/>\n066. Arlberg <img loading=\"lazy\" decoding=\"async\" src=\"https:\/\/alpentouren.net\/wp-content\/uploads\/2013\/08\/gruen.gif\" alt=\"gruen\" width=\"10\" height=\"10\"> <span style=\"color: #008000;\">1996<\/span><br \/>\n067. Arlberg-Stra\u00dfentunnel <img loading=\"lazy\" decoding=\"async\" src=\"https:\/\/alpentouren.net\/wp-content\/uploads\/2013\/08\/gruen.gif\" alt=\"gruen\" width=\"10\" height=\"10\"><span style=\"color: #008000;\"> 1996<\/span><\/p>\n<h1>Vorarlbergngg_shortcode_5_placeholder<\/h1>\n<p>068. Flexen <img loading=\"lazy\" decoding=\"async\" src=\"https:\/\/alpentouren.net\/wp-content\/uploads\/2013\/08\/gruen.gif\" alt=\"gruen\" width=\"10\" height=\"10\"><span style=\"color: #008000;\"> 1996<\/span> <img loading=\"lazy\" decoding=\"async\" src=\"https:\/\/alpentouren.net\/wp-content\/uploads\/2013\/08\/gruen.gif\" alt=\"gruen\" width=\"10\" height=\"10\"> <span style=\"color: #008000;\">2015<\/span><br \/>\n068.a Oberlech <img loading=\"lazy\" decoding=\"async\" src=\"https:\/\/alpentouren.net\/wp-content\/uploads\/2013\/08\/gruen.gif\" alt=\"gruen\" width=\"10\" height=\"10\"> <span style=\"color: #008000;\">1996<\/span><br \/>\n068.b Spullersee <span style=\"color: #008000;\"><img loading=\"lazy\" decoding=\"async\" src=\"https:\/\/alpentouren.net\/wp-content\/uploads\/2013\/08\/gruen.gif\" alt=\"gruen\" width=\"10\" height=\"10\">1996<\/span><br \/>\n068.c Formarinjoch <img loading=\"lazy\" decoding=\"async\" src=\"https:\/\/alpentouren.net\/wp-content\/uploads\/2013\/08\/gruen.gif\" alt=\"gruen\" width=\"10\" height=\"10\"> <span style=\"color: #008000;\">1996<\/span><br \/>\n069. Hochkrumbach <img loading=\"lazy\" decoding=\"async\" src=\"https:\/\/alpentouren.net\/wp-content\/uploads\/2013\/08\/gruen.gif\" alt=\"gruen\" width=\"10\" height=\"10\"> <span style=\"color: #008000;\">1996<\/span> <img loading=\"lazy\" decoding=\"async\" src=\"https:\/\/alpentouren.net\/wp-content\/uploads\/2013\/08\/gruen.gif\" alt=\"gruen\" width=\"10\" height=\"10\"> <span style=\"color: #008000;\">2015<\/span><br \/>\n069. Hochtannberg <img loading=\"lazy\" decoding=\"async\" src=\"https:\/\/alpentouren.net\/wp-content\/uploads\/2013\/08\/gruen.gif\" alt=\"gruen\" width=\"10\" height=\"10\"> <span style=\"color: #008000;\">1996<\/span> <img loading=\"lazy\" decoding=\"async\" src=\"https:\/\/alpentouren.net\/wp-content\/uploads\/2013\/08\/gruen.gif\" alt=\"gruen\" width=\"10\" height=\"10\"> <span style=\"color: #008000;\">2015<\/span><br \/>\n070. \u00d6berle <img loading=\"lazy\" decoding=\"async\" src=\"https:\/\/alpentouren.net\/wp-content\/uploads\/2013\/08\/gruen.gif\" alt=\"gruen\" width=\"10\" height=\"10\"> <span style=\"color: #008000;\">1996<\/span><br \/>\n071. Faschinajoch <img loading=\"lazy\" decoding=\"async\" src=\"https:\/\/alpentouren.net\/wp-content\/uploads\/2013\/08\/gruen.gif\" alt=\"gruen\" width=\"10\" height=\"10\"> <span style=\"color: #008000;\">1996<\/span> <img loading=\"lazy\" decoding=\"async\" src=\"https:\/\/alpentouren.net\/wp-content\/uploads\/2013\/08\/gruen.gif\" alt=\"gruen\" width=\"10\" height=\"10\"> <span style=\"color: #008000;\">2015<\/span><br \/>\n071. Furkajoch <img loading=\"lazy\" decoding=\"async\" src=\"https:\/\/alpentouren.net\/wp-content\/uploads\/2013\/08\/gruen.gif\" alt=\"gruen\" width=\"10\" height=\"10\"> <span style=\"color: #008000;\">1996<\/span><br \/>\n071.a Uga <img loading=\"lazy\" decoding=\"async\" src=\"https:\/\/alpentouren.net\/wp-content\/uploads\/2013\/08\/gruen.gif\" alt=\"gruen\" width=\"10\" height=\"10\"> <span style=\"color: #008000;\">1996<\/span><br \/>\n071.b Laguz-Alpe <img loading=\"lazy\" decoding=\"async\" src=\"https:\/\/alpentouren.net\/wp-content\/uploads\/2013\/08\/gruen.gif\" alt=\"gruen\" width=\"10\" height=\"10\"> <span style=\"color: #008000;\">1996<\/span><br \/>\n<a title=\"Silvretta Strasse\" href=\"https:\/\/alpentouren.net\/?p=291\">072. Silvrettastra\u00dfe<\/a> <img loading=\"lazy\" decoding=\"async\" src=\"https:\/\/alpentouren.net\/wp-content\/uploads\/2013\/08\/gruen.gif\" alt=\"gruen\" width=\"10\" height=\"10\"> <span style=\"color: #008000;\">1996 <img loading=\"lazy\" decoding=\"async\" src=\"https:\/\/alpentouren.net\/wp-content\/uploads\/2013\/08\/gruen.gif\" alt=\"gruen\" width=\"10\" height=\"10\"> 2009<\/span> <img loading=\"lazy\" decoding=\"async\" class=\"alignnone size-full wp-image-97\" src=\"https:\/\/alpentouren.net\/wp-content\/uploads\/2013\/08\/34.gif\" alt=\"34\" width=\"35\" height=\"32\"><br \/>\n072.a Itonskopf <img loading=\"lazy\" decoding=\"async\" src=\"https:\/\/alpentouren.net\/wp-content\/uploads\/2013\/08\/gruen.gif\" alt=\"gruen\" width=\"10\" height=\"10\"> <span style=\"color: #008000;\">1996<\/span><br \/>\n072.b Schattenlagant <img loading=\"lazy\" decoding=\"async\" src=\"https:\/\/alpentouren.net\/wp-content\/uploads\/2013\/08\/gruen.gif\" alt=\"gruen\" width=\"10\" height=\"10\"> <span style=\"color: #008000;\">1996<\/span><br \/>\n073. Kops-Speicher <img loading=\"lazy\" decoding=\"async\" src=\"https:\/\/alpentouren.net\/wp-content\/uploads\/2013\/08\/gruen.gif\" alt=\"gruen\" width=\"10\" height=\"10\"> <span style=\"color: #008000;\">1996<\/span><\/p>\n<p><img loading=\"lazy\" decoding=\"async\" src=\"https:\/\/alpentouren.net\/wp-content\/uploads\/2013\/08\/gruen.gif\" alt=\"gruen\" width=\"10\" height=\"10\"> Schon selbst gefahren<br \/>\n<img loading=\"lazy\" decoding=\"async\" src=\"https:\/\/alpentouren.net\/wp-content\/uploads\/2013\/08\/rot.gif\" alt=\"rot\" width=\"10\" height=\"10\"> Muss ich noch fahren<\/p>\n<p>&nbsp;<\/p>\n","protected":false},"excerpt":{"rendered":"<p>Steiermark 001. Pfaffen 001.a Stuhleck 001.b Roseneggerhaus 002. Hochwechsel 002. Wetterkogler Haus 002.a S\u00f6lker Pa\u00df 2014 002.b Planneralm 002.c Stoderzinken 003.a Hollhaus 003.a Tauplitzalm 003.b Loser 004.a Planai 2015 004.a Schladminger H\u00fctte 2015 004.b Hochwurzen 004.c Ursprungalm 004.d Reiteralm 004.e Dachsteinstra\u00dfe 005. Triebener Tauern 005.a Scheibelseen 005.b Klosterneuburger 006.a Kalbing 006.a Oberst-Klinke-H\u00fctte 006.b Pr\u00e4bichl 007.a &hellip; <a href=\"https:\/\/alpentouren.net\/?page_id=66\" class=\"more-link\"><span class=\"screen-reader-text\">\u00d6sterreich<\/span> weiterlesen <span class=\"meta-nav\">&rarr;<\/span><\/a><\/p>\n","protected":false},"author":1,"featured_media":421,"parent":0,"menu_order":0,"comment_status":"closed","ping_status":"closed","template":"","meta":{"ngg_post_thumbnail":0,"footnotes":""},"class_list":["post-66","page","type-page","status-publish","has-post-thumbnail","hentry"],"_links":{"self":[{"href":"https:\/\/alpentouren.net\/index.php?rest_route=\/wp\/v2\/pages\/66"}],"collection":[{"href":"https:\/\/alpentouren.net\/index.php?rest_route=\/wp\/v2\/pages"}],"about":[{"href":"https:\/\/alpentouren.net\/index.php?rest_route=\/wp\/v2\/types\/page"}],"author":[{"embeddable":true,"href":"https:\/\/alpentouren.net\/index.php?rest_route=\/wp\/v2\/users\/1"}],"replies":[{"embeddable":true,"href":"https:\/\/alpentouren.net\/index.php?rest_route=%2Fwp%2Fv2%2Fcomments&post=66"}],"version-history":[{"count":32,"href":"https:\/\/alpentouren.net\/index.php?rest_route=\/wp\/v2\/pages\/66\/revisions"}],"predecessor-version":[{"id":3173,"href":"https:\/\/alpentouren.net\/index.php?rest_route=\/wp\/v2\/pages\/66\/revisions\/3173"}],"wp:featuredmedia":[{"embeddable":true,"href":"https:\/\/alpentouren.net\/index.php?rest_route=\/wp\/v2\/media\/421"}],"wp:attachment":[{"href":"https:\/\/alpentouren.net\/index.php?rest_route=%2Fwp%2Fv2%2Fmedia&parent=66"}],"curies":[{"name":"wp","href":"https:\/\/api.w.org\/{rel}","templated":true}]}}